{"id":2599,"date":"2018-04-11T00:00:00","date_gmt":"2018-04-10T22:00:00","guid":{"rendered":"http:\/\/www.distillerieduffez.fr\/product\/atherisches-ol-von-salbei-clary"},"modified":"2019-07-18T14:57:15","modified_gmt":"2019-07-18T12:57:15","slug":"atherisches-ol-von-salbei-clary","status":"publish","type":"product","link":"http:\/\/www.distillerieduffez.fr\/de\/produkt\/atherisches-ol-von-salbei-clary","title":{"rendered":"\u00c4therisches \u00d6l von Salbei Clary"},"content":{"rendered":"<pre id=\"tw-target-text\" class=\"tw-data-text tw-ta tw-text-small\" dir=\"ltr\" data-placeholder=\"Traduction\" data-fulltext=\"\"><span lang=\"de\">Muskatellersalbei, mit vielen therapeutischen Nutzen ...\r\n\r\nSalbei ist ein faseriges Wurzelhalbstrauch. Rau, wei\u00dfliche Bl\u00e4tter widerstehen die Wintersaison. Die rosa Bl\u00fcten der Muskatellersalbei erscheinen zwischen Mai und August gro\u00dfe Ohren bilden.\r\n\r\nEin krautigen Duft, erkennbar alle \u00e4therischen \u00d6le, liefert das \u00e4therische \u00d6l Muskatellersalbei sehr freundlich Features aromath\u00e9rapeuthes.\r\n\r\nEs ist beliebt bei Frauen w\u00e4hrend der Menopause. Tats\u00e4chlich regelt es Menstruationszyklen. Somit ist dieses \u00e4therische \u00d6l hilft gegen Hitzewallungen und Stimmungsschwankungen.\r\n\r\nDas \u00e4therische \u00d6l der Muskatellersalbei ist auch hilfreich bei \u00fcberm\u00e4\u00dfigem Schwitzen, indem sie als Antitranspirant wirkt.\r\n\r\nSie h\u00e4lt zahlreiche dermatologischen Eigenschaften, Talg Regelung wirkte auf, vor allem f\u00fcr fettige Haut, rissige Haut, Akne und Ekzeme. Au\u00dferdem entlastet es leichte Verbrennungen und Hautentz\u00fcndungen.\r\n\r\nDas \u00e4therische \u00d6l hilft Nervenanspannung zu beruhigen. Sage hat entspannende und beruhigende Eigenschaften in Angst zu bek\u00e4mpfen.\r\n\r\nDas \u00e4therische \u00d6l von Salbei hilft auch gegen Haarausfall zu k\u00e4mpfen.<\/span><\/pre>\n","protected":false},"excerpt":{"rendered":"<pre id=\"tw-target-text\" class=\"tw-data-text tw-ta tw-text-small\" dir=\"ltr\" data-placeholder=\"Traduction\" data-fulltext=\"\"><span lang=\"de\">Beliebt bei Frauen w\u00e4hrend der Menopause, hilft dieses \u00e4therische \u00d6l Kampf gegen Hitzewallungen und Stimmungs mit dieser Zeit des Lebens verbunden Schaukeln.\r\n\r\nDas \u00e4therische \u00d6l der Muskatellersalbei ist bei \u00fcberm\u00e4\u00dfigem Schwitzen auch hilfreich.<\/span><\/pre>\n","protected":false},"featured_media":1265,"comment_status":"closed","ping_status":"closed","template":"","meta":{"_acf_changed":false,"_monsterinsights_skip_tracking":false,"_monsterinsights_sitenote_active":false,"_monsterinsights_sitenote_note":"","_monsterinsights_sitenote_category":0},"product_brand":[],"product_cat":[403],"product_tag":[396],"class_list":{"0":"post-2599","1":"product","2":"type-product","3":"status-publish","4":"has-post-thumbnail","6":"product_cat-atherische-ole","7":"product_tag-salbei","9":"first","10":"instock","11":"taxable","12":"shipping-taxable","13":"purchasable","14":"product-type-variable"},"acf":[],"aioseo_notices":[],"yoast_head":"<!-- This site is optimized with the Yoast SEO plugin v27.3 - https:\/\/yoast.com\/product\/yoast-seo-wordpress\/ -->\n<title>\u00c4therisches \u00d6l von Salbei Clary - Distillerie Duffez<\/title>\n<meta name=\"robots\" content=\"index, follow, max-snippet:-1, max-image-preview:large, max-video-preview:-1\" \/>\n<link rel=\"canonical\" href=\"http:\/\/www.distillerieduffez.fr\/de\/produkt\/atherisches-ol-von-salbei-clary\" \/>\n<meta property=\"og:locale\" content=\"de_DE\" \/>\n<meta property=\"og:type\" content=\"article\" \/>\n<meta property=\"og:title\" content=\"\u00c4therisches \u00d6l von Salbei Clary - Distillerie Duffez\" \/>\n<meta property=\"og:description\" content=\"Beliebt bei Frauen w\u00e4hrend der Menopause, hilft dieses \u00e4therische \u00d6l Kampf gegen Hitzewallungen und Stimmungs mit dieser Zeit des Lebens verbunden Schaukeln.  Das \u00e4therische \u00d6l der Muskatellersalbei ist bei \u00fcberm\u00e4\u00dfigem Schwitzen auch hilfreich.\" \/>\n<meta property=\"og:url\" content=\"http:\/\/www.distillerieduffez.fr\/de\/produkt\/atherisches-ol-von-salbei-clary\" \/>\n<meta property=\"og:site_name\" content=\"Distillerie Duffez\" \/>\n<meta property=\"article:modified_time\" content=\"2019-07-18T12:57:15+00:00\" \/>\n<meta property=\"og:image\" content=\"http:\/\/www.distillerieduffez.fr\/wp-content\/uploads\/ann-5560.jpg\" \/>\n\t<meta property=\"og:image:width\" content=\"3171\" \/>\n\t<meta property=\"og:image:height\" content=\"3231\" \/>\n\t<meta property=\"og:image:type\" content=\"image\/jpeg\" \/>\n<meta name=\"twitter:card\" content=\"summary_large_image\" \/>\n<meta name=\"twitter:label1\" content=\"Gesch\u00e4tzte Lesezeit\" \/>\n\t<meta name=\"twitter:data1\" content=\"1\u00a0Minute\" \/>\n<script type=\"application\/ld+json\" class=\"yoast-schema-graph\">{\"@context\":\"https:\\\/\\\/schema.org\",\"@graph\":[{\"@type\":\"WebPage\",\"@id\":\"http:\\\/\\\/www.distillerieduffez.fr\\\/de\\\/produkt\\\/atherisches-ol-von-salbei-clary\",\"url\":\"http:\\\/\\\/www.distillerieduffez.fr\\\/de\\\/produkt\\\/atherisches-ol-von-salbei-clary\",\"name\":\"\u00c4therisches \u00d6l von Salbei Clary - Distillerie Duffez\",\"isPartOf\":{\"@id\":\"https:\\\/\\\/www.distillerieduffez.fr\\\/en\\\/#website\"},\"primaryImageOfPage\":{\"@id\":\"http:\\\/\\\/www.distillerieduffez.fr\\\/de\\\/produkt\\\/atherisches-ol-von-salbei-clary#primaryimage\"},\"image\":{\"@id\":\"http:\\\/\\\/www.distillerieduffez.fr\\\/de\\\/produkt\\\/atherisches-ol-von-salbei-clary#primaryimage\"},\"thumbnailUrl\":\"http:\\\/\\\/www.distillerieduffez.fr\\\/wp-content\\\/uploads\\\/ann-5560.jpg\",\"datePublished\":\"2018-04-10T22:00:00+00:00\",\"dateModified\":\"2019-07-18T12:57:15+00:00\",\"breadcrumb\":{\"@id\":\"http:\\\/\\\/www.distillerieduffez.fr\\\/de\\\/produkt\\\/atherisches-ol-von-salbei-clary#breadcrumb\"},\"inLanguage\":\"de\",\"potentialAction\":[{\"@type\":\"ReadAction\",\"target\":[\"http:\\\/\\\/www.distillerieduffez.fr\\\/de\\\/produkt\\\/atherisches-ol-von-salbei-clary\"]}]},{\"@type\":\"ImageObject\",\"inLanguage\":\"de\",\"@id\":\"http:\\\/\\\/www.distillerieduffez.fr\\\/de\\\/produkt\\\/atherisches-ol-von-salbei-clary#primaryimage\",\"url\":\"http:\\\/\\\/www.distillerieduffez.fr\\\/wp-content\\\/uploads\\\/ann-5560.jpg\",\"contentUrl\":\"http:\\\/\\\/www.distillerieduffez.fr\\\/wp-content\\\/uploads\\\/ann-5560.jpg\",\"width\":3171,\"height\":3231,\"caption\":\"Huile essentielle sauge sclar\u00e9e\"},{\"@type\":\"BreadcrumbList\",\"@id\":\"http:\\\/\\\/www.distillerieduffez.fr\\\/de\\\/produkt\\\/atherisches-ol-von-salbei-clary#breadcrumb\",\"itemListElement\":[{\"@type\":\"ListItem\",\"position\":1,\"name\":\"Home\",\"item\":\"https:\\\/\\\/www.distillerieduffez.fr\\\/de\"},{\"@type\":\"ListItem\",\"position\":2,\"name\":\"Shop\",\"item\":\"https:\\\/\\\/www.distillerieduffez.fr\\\/de\\\/geschaeft\"},{\"@type\":\"ListItem\",\"position\":3,\"name\":\"\u00c4therisches \u00d6l von Salbei Clary\"}]},{\"@type\":\"WebSite\",\"@id\":\"https:\\\/\\\/www.distillerieduffez.fr\\\/en\\\/#website\",\"url\":\"https:\\\/\\\/www.distillerieduffez.fr\\\/en\\\/\",\"name\":\"Distillerie Duffez\",\"description\":\"Boutique en ligne d&#039;huiles essentielles biologiques et conventionnelles : lavande, lavandin, cade, h\u00e9lichryse, Cypr\u00e8s Provence, menthe, sauge...\",\"publisher\":{\"@id\":\"https:\\\/\\\/www.distillerieduffez.fr\\\/en\\\/#organization\"},\"potentialAction\":[{\"@type\":\"SearchAction\",\"target\":{\"@type\":\"EntryPoint\",\"urlTemplate\":\"https:\\\/\\\/www.distillerieduffez.fr\\\/en\\\/?s={search_term_string}\"},\"query-input\":{\"@type\":\"PropertyValueSpecification\",\"valueRequired\":true,\"valueName\":\"search_term_string\"}}],\"inLanguage\":\"de\"},{\"@type\":\"Organization\",\"@id\":\"https:\\\/\\\/www.distillerieduffez.fr\\\/en\\\/#organization\",\"name\":\"Distillerie Duffez\",\"url\":\"https:\\\/\\\/www.distillerieduffez.fr\\\/en\\\/\",\"logo\":{\"@type\":\"ImageObject\",\"inLanguage\":\"de\",\"@id\":\"https:\\\/\\\/www.distillerieduffez.fr\\\/en\\\/#\\\/schema\\\/logo\\\/image\\\/\",\"url\":\"http:\\\/\\\/www.distillerieduffez.fr\\\/wp-content\\\/uploads\\\/logo-duffez.jpg\",\"contentUrl\":\"http:\\\/\\\/www.distillerieduffez.fr\\\/wp-content\\\/uploads\\\/logo-duffez.jpg\",\"width\":746,\"height\":150,\"caption\":\"Distillerie Duffez\"},\"image\":{\"@id\":\"https:\\\/\\\/www.distillerieduffez.fr\\\/en\\\/#\\\/schema\\\/logo\\\/image\\\/\"}}]}<\/script>\n<!-- \/ Yoast SEO plugin. -->","yoast_head_json":{"title":"\u00c4therisches \u00d6l von Salbei Clary - Distillerie Duffez","robots":{"index":"index","follow":"follow","max-snippet":"max-snippet:-1","max-image-preview":"max-image-preview:large","max-video-preview":"max-video-preview:-1"},"canonical":"http:\/\/www.distillerieduffez.fr\/de\/produkt\/atherisches-ol-von-salbei-clary","og_locale":"de_DE","og_type":"article","og_title":"\u00c4therisches \u00d6l von Salbei Clary - Distillerie Duffez","og_description":"Beliebt bei Frauen w\u00e4hrend der Menopause, hilft dieses \u00e4therische \u00d6l Kampf gegen Hitzewallungen und Stimmungs mit dieser Zeit des Lebens verbunden Schaukeln.  Das \u00e4therische \u00d6l der Muskatellersalbei ist bei \u00fcberm\u00e4\u00dfigem Schwitzen auch hilfreich.","og_url":"http:\/\/www.distillerieduffez.fr\/de\/produkt\/atherisches-ol-von-salbei-clary","og_site_name":"Distillerie Duffez","article_modified_time":"2019-07-18T12:57:15+00:00","og_image":[{"width":3171,"height":3231,"url":"http:\/\/www.distillerieduffez.fr\/wp-content\/uploads\/ann-5560.jpg","type":"image\/jpeg"}],"twitter_card":"summary_large_image","twitter_misc":{"Gesch\u00e4tzte Lesezeit":"1\u00a0Minute"},"schema":{"@context":"https:\/\/schema.org","@graph":[{"@type":"WebPage","@id":"http:\/\/www.distillerieduffez.fr\/de\/produkt\/atherisches-ol-von-salbei-clary","url":"http:\/\/www.distillerieduffez.fr\/de\/produkt\/atherisches-ol-von-salbei-clary","name":"\u00c4therisches \u00d6l von Salbei Clary - Distillerie Duffez","isPartOf":{"@id":"https:\/\/www.distillerieduffez.fr\/en\/#website"},"primaryImageOfPage":{"@id":"http:\/\/www.distillerieduffez.fr\/de\/produkt\/atherisches-ol-von-salbei-clary#primaryimage"},"image":{"@id":"http:\/\/www.distillerieduffez.fr\/de\/produkt\/atherisches-ol-von-salbei-clary#primaryimage"},"thumbnailUrl":"http:\/\/www.distillerieduffez.fr\/wp-content\/uploads\/ann-5560.jpg","datePublished":"2018-04-10T22:00:00+00:00","dateModified":"2019-07-18T12:57:15+00:00","breadcrumb":{"@id":"http:\/\/www.distillerieduffez.fr\/de\/produkt\/atherisches-ol-von-salbei-clary#breadcrumb"},"inLanguage":"de","potentialAction":[{"@type":"ReadAction","target":["http:\/\/www.distillerieduffez.fr\/de\/produkt\/atherisches-ol-von-salbei-clary"]}]},{"@type":"ImageObject","inLanguage":"de","@id":"http:\/\/www.distillerieduffez.fr\/de\/produkt\/atherisches-ol-von-salbei-clary#primaryimage","url":"http:\/\/www.distillerieduffez.fr\/wp-content\/uploads\/ann-5560.jpg","contentUrl":"http:\/\/www.distillerieduffez.fr\/wp-content\/uploads\/ann-5560.jpg","width":3171,"height":3231,"caption":"Huile essentielle sauge sclar\u00e9e"},{"@type":"BreadcrumbList","@id":"http:\/\/www.distillerieduffez.fr\/de\/produkt\/atherisches-ol-von-salbei-clary#breadcrumb","itemListElement":[{"@type":"ListItem","position":1,"name":"Home","item":"https:\/\/www.distillerieduffez.fr\/de"},{"@type":"ListItem","position":2,"name":"Shop","item":"https:\/\/www.distillerieduffez.fr\/de\/geschaeft"},{"@type":"ListItem","position":3,"name":"\u00c4therisches \u00d6l von Salbei Clary"}]},{"@type":"WebSite","@id":"https:\/\/www.distillerieduffez.fr\/en\/#website","url":"https:\/\/www.distillerieduffez.fr\/en\/","name":"Distillerie Duffez","description":"Boutique en ligne d&#039;huiles essentielles biologiques et conventionnelles : lavande, lavandin, cade, h\u00e9lichryse, Cypr\u00e8s Provence, menthe, sauge...","publisher":{"@id":"https:\/\/www.distillerieduffez.fr\/en\/#organization"},"potentialAction":[{"@type":"SearchAction","target":{"@type":"EntryPoint","urlTemplate":"https:\/\/www.distillerieduffez.fr\/en\/?s={search_term_string}"},"query-input":{"@type":"PropertyValueSpecification","valueRequired":true,"valueName":"search_term_string"}}],"inLanguage":"de"},{"@type":"Organization","@id":"https:\/\/www.distillerieduffez.fr\/en\/#organization","name":"Distillerie Duffez","url":"https:\/\/www.distillerieduffez.fr\/en\/","logo":{"@type":"ImageObject","inLanguage":"de","@id":"https:\/\/www.distillerieduffez.fr\/en\/#\/schema\/logo\/image\/","url":"http:\/\/www.distillerieduffez.fr\/wp-content\/uploads\/logo-duffez.jpg","contentUrl":"http:\/\/www.distillerieduffez.fr\/wp-content\/uploads\/logo-duffez.jpg","width":746,"height":150,"caption":"Distillerie Duffez"},"image":{"@id":"https:\/\/www.distillerieduffez.fr\/en\/#\/schema\/logo\/image\/"}}]}},"_links":{"self":[{"href":"http:\/\/www.distillerieduffez.fr\/de\/wp-json\/wp\/v2\/product\/2599","targetHints":{"allow":["GET"]}}],"collection":[{"href":"http:\/\/www.distillerieduffez.fr\/de\/wp-json\/wp\/v2\/product"}],"about":[{"href":"http:\/\/www.distillerieduffez.fr\/de\/wp-json\/wp\/v2\/types\/product"}],"replies":[{"embeddable":true,"href":"http:\/\/www.distillerieduffez.fr\/de\/wp-json\/wp\/v2\/comments?post=2599"}],"wp:featuredmedia":[{"embeddable":true,"href":"http:\/\/www.distillerieduffez.fr\/de\/wp-json\/wp\/v2\/media\/1265"}],"wp:attachment":[{"href":"http:\/\/www.distillerieduffez.fr\/de\/wp-json\/wp\/v2\/media?parent=2599"}],"wp:term":[{"taxonomy":"product_brand","embeddable":true,"href":"http:\/\/www.distillerieduffez.fr\/de\/wp-json\/wp\/v2\/product_brand?post=2599"},{"taxonomy":"product_cat","embeddable":true,"href":"http:\/\/www.distillerieduffez.fr\/de\/wp-json\/wp\/v2\/product_cat?post=2599"},{"taxonomy":"product_tag","embeddable":true,"href":"http:\/\/www.distillerieduffez.fr\/de\/wp-json\/wp\/v2\/product_tag?post=2599"}],"curies":[{"name":"wp","href":"https:\/\/api.w.org\/{rel}","templated":true}]}}